{"id":2,"date":"2022-03-01T14:57:06","date_gmt":"2022-03-01T14:57:06","guid":{"rendered":"https:\/\/www.heroesdeatacama.cl\/?page_id=2"},"modified":"2024-02-05T15:24:47","modified_gmt":"2024-02-05T19:24:47","slug":"pagina-nuestrocolegio","status":"publish","type":"page","link":"https:\/\/www.heroesdeatacama.cl\/?page_id=2","title":{"rendered":"NUESTRO COLEGIO"},"content":{"rendered":"\t\t<div data-elementor-type=\"wp-page\" data-elementor-id=\"2\" class=\"elementor elementor-2\">\n\t\t\t\t\t\t<section class=\"elementor-section elementor-top-section elementor-element elementor-element-f3ccf32 elementor-section-content-middle elementor-section-boxed elementor-section-height-default elementor-section-height-default\" data-id=\"f3ccf32\" data-element_type=\"section\">\n\t\t\t\t\t\t<div class=\"elementor-container elementor-column-gap-default\">\n\t\t\t\t\t<div class=\"elementor-column elementor-col-100 elementor-top-column elementor-element elementor-element-391679d\" data-id=\"391679d\" data-element_type=\"column\">\n\t\t\t<div class=\"elementor-widget-wrap elementor-element-populated\">\n\t\t\t\t\t\t<div class=\"elementor-element elementor-element-f8ddb18 elementor-widget elementor-widget-image\" data-id=\"f8ddb18\" data-element_type=\"widget\" data-widget_type=\"image.default\">\n\t\t\t\t<div class=\"elementor-widget-container\">\n\t\t\t\t\t\t\t\t\t\t\t\t\t\t\t<img decoding=\"async\" src=\"https:\/\/www.heroesdeatacama.cl\/wp-content\/uploads\/2022\/11\/colegio.mp4\" title=\"\" alt=\"\" loading=\"lazy\" \/>\t\t\t\t\t\t\t\t\t\t\t\t\t\t\t<\/div>\n\t\t\t\t<\/div>\n\t\t\t\t<div class=\"elementor-element elementor-element-eabf520 elementor-widget__width-initial elementor-widget elementor-widget-video\" data-id=\"eabf520\" data-element_type=\"widget\" data-settings=\"{&quot;video_type&quot;:&quot;hosted&quot;,&quot;autoplay&quot;:&quot;yes&quot;,&quot;loop&quot;:&quot;yes&quot;,&quot;controls&quot;:&quot;yes&quot;}\" data-widget_type=\"video.default\">\n\t\t\t\t<div class=\"elementor-widget-container\">\n\t\t\t\t\t\t\t<div class=\"e-hosted-video elementor-wrapper elementor-open-inline\">\n\t\t\t\t\t<video class=\"elementor-video\" src=\"https:\/\/www.heroesdeatacama.cl\/wp-content\/uploads\/2022\/11\/colegio.mp4\" autoplay=\"\" loop=\"\" controls=\"\" controlsList=\"nodownload\"><\/video>\n\t\t\t\t<\/div>\n\t\t\t\t\t\t<\/div>\n\t\t\t\t<\/div>\n\t\t\t\t<div class=\"elementor-element elementor-element-2ad083c elementor-widget elementor-widget-text-editor\" data-id=\"2ad083c\" data-element_type=\"widget\" data-widget_type=\"text-editor.default\">\n\t\t\t\t<div class=\"elementor-widget-container\">\n\t\t\t\t\t\t\t\t\t<h4 style=\"text-align: center;\">El Colegio H\u00e9roes de Atacama, se debe entender como un espacio \u00fanico y privilegiado<\/h4><h4 style=\"text-align: center;\">para aprender a convivir con otros, por muy diferentes que seamos. Es una oportunidad<\/h4><h4 style=\"text-align: center;\">para un encuentro planificado y un escenario reflexivo. Es aqu\u00ed precisamente donde se<\/h4><h4 style=\"text-align: center;\">puede ense\u00f1ar y aprender en forma sistem\u00e1tica una serie de habilidades de resoluci\u00f3n<\/h4><h4 style=\"text-align: center;\">pac\u00edfica y dialogada de conflictos.<\/h4><h4 style=\"text-align: center;\">La comunidad escolar debe tomar conciencia que para fomentar una buena convivencia<\/h4><h4 style=\"text-align: center;\">se debe educar, entre otras, las competencias para resolver los conflictos que surjan en<\/h4><h4 style=\"text-align: center;\">las salas de clases y en el entorno. Para ello es necesario basarse en una normativa que<\/h4><h4 style=\"text-align: center;\">aborde los problemas de convivencia del d\u00eda a d\u00eda, pero es imprescindible un paso previo<\/h4><h4 style=\"text-align: center;\">que tenga como finalidad educativa el desarrollo integral de la persona y que prevenga la<\/h4><h4 style=\"text-align: center;\">aparici\u00f3n de conflictos.<\/h4><h4 style=\"text-align: center;\">Lo anterior contribuir\u00eda con la formaci\u00f3n integral del alumnado y crear\u00eda competencias<\/h4><h4 style=\"text-align: center;\">educativas b\u00e1sicas que ayuden al alumno a tener relaciones interpersonales adecuadas<\/h4><h4 style=\"text-align: center;\">en su colegio y en esta sociedad tan diversa, como una acci\u00f3n conjunta entre nuestro<\/h4><h4 style=\"text-align: center;\">liceo y la familia del alumno(a).<\/h4><h4 style=\"text-align: center;\">Visto as\u00ed, podr\u00edamos definir la convivencia como el arte de vivir en paz y armon\u00eda con las<\/h4><h4 style=\"text-align: center;\">personas y el medio que nos rodea. Es el clima de interrelaciones que se produce en<\/h4><h4 style=\"text-align: center;\">nuestra comunidad educativa, es decir, una red de relaciones sociales que se desarrolla<\/h4><h4 style=\"text-align: center;\">en un tiempo y espacio determinados y que convoca a los distintos actores que participan<\/h4><h4 style=\"text-align: center;\">en ella a ser capaces de operar en conjunto y acompa\u00f1arse en la construcci\u00f3n de<\/h4><h4 style=\"text-align: center;\">relaciones y v\u00ednculos entre sus miembros. Se configura de este modo un espacio<\/h4><h4 style=\"text-align: center;\">relacional de cooperaci\u00f3n y crecimiento que se va reconociendo en nuestra vida cotidiana.<\/h4><h4 style=\"text-align: center;\">La educaci\u00f3n en el di\u00e1logo, debe ser el principal instrumento para la construcci\u00f3n de una<\/h4><h4 style=\"text-align: center;\">cultura de paz, ya que posibilita el aprendizaje de la no violencia activa, mediante la<\/h4><h4 style=\"text-align: center;\">promoci\u00f3n de valores y actitudes tales como: di\u00e1logo, tolerancia, solidaridad, rectitud,<\/h4><h4 style=\"text-align: center;\">respeto y b\u00fasqueda permanente de la justicia.<\/h4><h4 style=\"text-align: center;\">La disciplina es un valor fundamental en la formaci\u00f3n de la persona; es un acto de respeto<\/h4><h4 style=\"text-align: center;\">de la persona consigo misma; del alumno(a) hacia sus padres, que hacen todos los<\/h4><h4 style=\"text-align: center;\">esfuerzos posibles por educar y formar a sus hijos; hacia sus compa\u00f1eros(as), que tienen<\/h4><h4 style=\"text-align: center;\">el derecho a aprender en un ambiente seguro y protegido; hacia el profesor, que merece<\/h4><h4 style=\"text-align: center;\">un ambiente adecuado para ense\u00f1ar y generar aprendizaje; hacia los asistentes de la<\/h4><h4 style=\"text-align: center;\">educaci\u00f3n, que tambi\u00e9n merecen ser acogidos y respetados en su diversidad y<\/h4><h4 style=\"text-align: center;\">singularidad en nuestra comunidad y, por \u00faltimo, hacia la propia verdad, que merece ser<\/h4><h4 style=\"text-align: center;\">descubierta y estudiada con orden, inter\u00e9s, tranquilidad y participaci\u00f3n, en una palabra,<\/h4><h4 style=\"text-align: center;\">con disciplina.<\/h4><h4 style=\"text-align: center;\">La disciplina es una expresi\u00f3n, un estilo de vida y una actitud frente al trabajo y estudio de<\/h4><h4 style=\"text-align: center;\">cada d\u00eda. Una persona sin disciplina queda f\u00e1cilmente a la deriva, a merced de<\/h4><h4 style=\"text-align: center;\">sentimientos fluctuantes y modas pasajeras, sin referencias claras. Por esto, la disciplina<\/h4><h4 style=\"text-align: center;\">es concreci\u00f3n de valores, como la responsabilidad, la constancia, la confiabilidad, la<\/h4><h4 style=\"text-align: center;\">rectitud, la laboriosidad, la correcci\u00f3n y la consecuencia. La disciplina sostiene a los<\/h4><h4 style=\"text-align: center;\">j\u00f3venes, para no ceder a caprichos y no sucumbir a intereses eg\u00f3latras. Ella es<\/h4><h4 style=\"text-align: center;\">fundamental para responder a los desaf\u00edos de la vida, para ser consecuente y<\/h4><h4 style=\"text-align: center;\">perseverante en el camino trazado, para lograr metas y objetivos, para cumplir cada tarea<\/h4><h4 style=\"text-align: center;\">y cumplirla bien.<\/h4><h4 style=\"text-align: center;\">La disciplina valora y respeta los derechos de las dem\u00e1s personas, es expresi\u00f3n de<\/h4><h4 style=\"text-align: center;\">respeto al bien com\u00fan del curso y del Colegio la persona indisciplinada es autorreferente,<\/h4><h4 style=\"text-align: center;\">vive esclavo de sus impulsos y estados de \u00e1nimo y normalmente provocando<\/h4><h4 style=\"text-align: center;\">incertidumbre en los que le rodean En cambio, la persona disciplinada toma en cuenta al<\/h4><h4 style=\"text-align: center;\">pr\u00f3jimo, lo respeta y procura su bien y crecimiento. Entendemos la sana convivencia<\/h4><h4 style=\"text-align: center;\">escolar como un derecho y un deber que tienen todos los miembros de la comunidad<\/h4><h4 style=\"text-align: center;\">educativa, cuyo fundamento principal es la dignidad de las personas y el respeto que<\/h4><h4 style=\"text-align: center;\">\u00e9stas se deben. Es un aprendizaje en s\u00ed mismo que contribuye a un proceso educativo<\/h4><h4 style=\"text-align: center;\">implementado en un ambiente tolerante y libre de violencia, orientado a que cada uno de<\/h4><h4 style=\"text-align: center;\">sus miembros pueda desarrollar plenamente su personalidad, ejercer sus derechos y<\/h4><h4 style=\"text-align: center;\">cumplir sus deberes correlativos. Por lo expresado anteriormente, se proh\u00edbe cualquier<\/h4><h4 style=\"text-align: center;\">acci\u00f3n u omisi\u00f3n que atente contra o vulnere la sana convivencia escolar. La Direcci\u00f3n y\/o<\/h4><h4 style=\"text-align: center;\">Inspector\u00eda General del establecimiento depondr\u00e1 que se investigue, en conformidad a la<\/h4><h4 style=\"text-align: center;\">normativa interna del establecimiento, las conductas consideradas como maltrato escolar,<\/h4><h4 style=\"text-align: center;\">las que deber\u00e1n ser debidamente explicitadas y, de ser pertinente, sancionadas mediante<\/h4><h4 style=\"text-align: center;\">la aplicaci\u00f3n de lo estipulado en el Reglamento Interno. Adem\u00e1s la Direcci\u00f3n colaborar\u00e1<\/h4><h4 style=\"text-align: center;\">entregando la informaci\u00f3n pertinente a las instancias legales (Carabineros, PDI, Fiscal\u00eda,<\/h4><h4 style=\"text-align: center;\">Defensor\u00eda P\u00fablica, etc.).<\/h4><h4 style=\"text-align: center;\">Para nuestra instituci\u00f3n, la disciplina es esencial es la educaci\u00f3n de la libertad personal,<\/h4><h4 style=\"text-align: center;\">que, lejos de rendirle pleites\u00eda al libertinaje y al impulso del momento, abraza libremente el<\/h4><h4 style=\"text-align: center;\">bien y el bien com\u00fan, donde se puedan prevenir las conductas inapropiadas e intervenir<\/h4><h4 style=\"text-align: center;\">con criterios educativos, de tal forma que el alumnado, sus profesores(as) y sus familias<\/h4><h4 style=\"text-align: center;\">se sientan seguros, integrados, responsables y respetados.<\/h4><h4 style=\"text-align: center;\">En esa misma l\u00ednea, el reglamento interno y de convivencia escolar de nuestro Liceo, no<\/h4><h4 style=\"text-align: center;\">solo debe educar a nuestros alumnos en disciplina dentro del establecimiento, sino<\/h4><h4 style=\"text-align: center;\">tambi\u00e9n formar alumnos \u00edntegros, con valores y actitudes morales acordes al modelo que,<\/h4><h4 style=\"text-align: center;\">en conjunto con los padres, el Colegio se esmera en desarrollar.<\/h4><h4 style=\"text-align: center;\">El Reglamento de convivencia escolar del COLEGIO H\u00c9ROES DE ATACAMA se<\/h4><h4 style=\"text-align: center;\">fundamenta en valores cristianos de trascendencia y libertad, siendo los principales:<\/h4><h4 style=\"text-align: center;\">EL RESPETO, SIN DISCRIMINACI\u00d3N A LA DIVERSIDAD<\/h4><h4 style=\"text-align: center;\">LA RESPONSABILIDAD,<\/h4><h4 style=\"text-align: center;\">EL COMPROMISO,<\/h4><h4 style=\"text-align: center;\">LA TOLERANCIA<\/h4>\t\t\t\t\t\t\t\t<\/div>\n\t\t\t\t<\/div>\n\t\t\t\t\t<\/div>\n\t\t<\/div>\n\t\t\t\t\t<\/div>\n\t\t<\/section>\n\t\t\t\t<\/div>\n\t\t","protected":false},"excerpt":{"rendered":"<p>El Colegio H\u00e9roes de Atacama, se debe entender como un espacio \u00fanico y privilegiado para aprender a convivir con otros, por muy diferentes que seamos. Es una oportunidad para un encuentro planificado y un escenario reflexivo. Es aqu\u00ed precisamente donde sepuede ense\u00f1ar y aprender en forma sistem\u00e1tica una serie de habilidades de resoluci\u00f3n pac\u00edfica y [&hellip;]<\/p>\n","protected":false},"author":1,"featured_media":1168,"parent":0,"menu_order":0,"comment_status":"closed","ping_status":"closed","template":"","meta":{"footnotes":""},"class_list":["post-2","page","type-page","status-publish","has-post-thumbnail","hentry"],"_links":{"self":[{"href":"https:\/\/www.heroesdeatacama.cl\/index.php?rest_route=\/wp\/v2\/pages\/2","targetHints":{"allow":["GET"]}}],"collection":[{"href":"https:\/\/www.heroesdeatacama.cl\/index.php?rest_route=\/wp\/v2\/pages"}],"about":[{"href":"https:\/\/www.heroesdeatacama.cl\/index.php?rest_route=\/wp\/v2\/types\/page"}],"author":[{"embeddable":true,"href":"https:\/\/www.heroesdeatacama.cl\/index.php?rest_route=\/wp\/v2\/users\/1"}],"replies":[{"embeddable":true,"href":"https:\/\/www.heroesdeatacama.cl\/index.php?rest_route=%2Fwp%2Fv2%2Fcomments&post=2"}],"version-history":[{"count":63,"href":"https:\/\/www.heroesdeatacama.cl\/index.php?rest_route=\/wp\/v2\/pages\/2\/revisions"}],"predecessor-version":[{"id":2794,"href":"https:\/\/www.heroesdeatacama.cl\/index.php?rest_route=\/wp\/v2\/pages\/2\/revisions\/2794"}],"wp:featuredmedia":[{"embeddable":true,"href":"https:\/\/www.heroesdeatacama.cl\/index.php?rest_route=\/wp\/v2\/media\/1168"}],"wp:attachment":[{"href":"https:\/\/www.heroesdeatacama.cl\/index.php?rest_route=%2Fwp%2Fv2%2Fmedia&parent=2"}],"curies":[{"name":"wp","href":"https:\/\/api.w.org\/{rel}","templated":true}]}}